{"id":79,"date":"2019-12-05T15:25:57","date_gmt":"2019-12-05T14:25:57","guid":{"rendered":"https:\/\/www.teoriamusical.es\/blog\/?page_id=79"},"modified":"2023-03-11T18:55:40","modified_gmt":"2023-03-11T17:55:40","slug":"clases-particulares-musica-online","status":"publish","type":"page","link":"https:\/\/www.teoriamusical.es\/blog\/clases-particulares-musica-online\/","title":{"rendered":"Clases Particulares de M\u00fasica: Online y Personalizadas"},"content":{"rendered":"\n<p>Siempre digo que la gran ventaja de haber sido profesor en una academia privada de m\u00fasica moderna durante m\u00e1s de 12 a\u00f1os es la experiencia docente adquirida para llevar a buen puerto las <strong>Clases Particulares de M\u00fasica Online<\/strong>.<\/p>\n\n\n\n<p>El formato de las clases en aquel centro, donde tuve la suerte de formar y formarme, era individual, es decir, un alumno contigo en el aula durante una hora, por lo que, de alguna forma, eran clases particulares pese a estar integrado en la escuela.<\/p>\n\n\n\n<p>Despu\u00e9s me mud\u00e9 a 600km y comenc\u00e9 otra vida, pero internet fue clave para volver a la ense\u00f1anza musical y con mucho m\u00e1s alcance del que ten\u00eda en una escuela f\u00edsica.<\/p>\n\n\n\n<p>Al lanzar mis <a href=\"https:\/\/www.teoriamusical.es\/blog\/cursos-de-musica\/\">cursos online de m\u00fasica moderna<\/a> empec\u00e9 a recibir consultas sobre clases particulares pero en aquel momento no pod\u00eda atender a todo el mundo por una cuesti\u00f3n de horarios. <\/p>\n\n\n\n<p>Hace relativamente poco volv\u00ed a dedicarme full time a la m\u00fasica, con <a href=\"http:\/\/www.youtube.com\/countblissett.com\">mi canal de Youtube<\/a>, proyectos, <a href=\"https:\/\/www.teoriamusical.es\/blog\/cursos-online\/\">los cursos<\/a> y las clases online. As\u00ed que abr\u00ed horarios.<\/p>\n\n\n\n<h2 class=\"has-text-align-center wp-block-heading\">\u00bfQu\u00e9 nivel necesito para las clases online?<\/h2>\n\n\n\n<p>Podemos trabajar desde cualquier nivel, el \u00fanico requisito es que seas constante y que trabajes las cosas que veamos en clase. S\u00e9 que hoy d\u00eda, con la abundancia de informaci\u00f3n, podemos llegar a tener la sensaci\u00f3n de saber muchas cosas pero, en realidad, las cosas se saben cuando las has interiorizado y, para eso, hay que dedicarles tiempo, trabajarlas con cari\u00f1o y ponerle muchas, muchas ganas.<\/p>\n\n\n\n<p>Se suele decir que cada persona es un mundo y es en parte cierto, pero tambi\u00e9n lo es que muchos fallos y problemas de comprensi\u00f3n son comunes y en una clase particular se pueden combatir no s\u00f3lo esos fallos sino los fallos espec\u00edficos de cada alumno, lo cual como educador es un lujo.<\/p>\n\n\n\n<p>Creo que te puedo ser \u00fatil en temas relacionados con la composici\u00f3n, armon\u00eda y desarrollo de tu lenguaje musical propio. Algunos alumnos son gente que viene de mis cursos y que, tras adquirir una base, quieren re-aprenderla conmigo y continuar avanzando. <\/p>\n\n\n\n<p>Otra gente prefiere que alguien les explique las cosas en lugar de tener los cursos en video, porque con los videos se distraen o no prestan la misma atenci\u00f3n que cuando est\u00e1n hablando con alguien, lo cual es perfectamente l\u00f3gico.<\/p>\n\n\n\n<p>En resumen, tengo gente de todos los niveles; gente que empieza y gente con mucha experiencia. Ellos est\u00e1n contentos y yo tambi\u00e9n, as\u00ed que esa es la idea b\u00e1sica.<\/p>\n\n\n\n<h2 class=\"has-text-align-center wp-block-heading\">\u00bfCu\u00e1nto cuestan las clases de m\u00fasica?<\/h2>\n\n\n\n<p>Si me sigues en Youtube, ves mis directos y mis videos, o simplemente si eres alumno de alguno de mis cursos, sabr\u00e1s que el problema de accesibilidad econ\u00f3mica es algo que me preocupa.<\/p>\n\n\n\n<p>Por un lado vivo de esto; lleno mi nevera y pago mis facturas con lo que hago, pero por otro lado s\u00e9 que hay gente con much\u00edsimas ganas de aprender que, simplemente, no puede pagar lo que cuesta una escuela de m\u00fasica privada de m\u00fasica moderna.<\/p>\n\n\n\n<p>Mis cursos, mientras yo pueda permit\u00edrmelo (mientras no me arruine, vamos) valen 23\u20ac independientemente de su duraci\u00f3n. Ahora mismo hay cuatro, armon\u00eda moderna, voicings, desarrollo mel\u00f3dico y armon\u00eda avanzada, los tres cuestan lo mismo; 23\u20ac.<\/p>\n\n\n\n<p>Con las clases el funcionamiento es el siguiente:<\/p>\n\n\n\n<p>Antes de contratar clases, mantenemos una charla para ver qu\u00e9 enfoque es el que necesitas; como dije antes cada uno es un mundo y mi intenci\u00f3n como educador es ser lo m\u00e1s eficiente posible a la hora de adaptarme a las necesidades de la persona que tengo delante.<\/p>\n\n\n\n<p>Una vez claro el enfoque, buscamos una hora y d\u00eda que podamos mantener a lo largo del tiempo, para evitar la dispersi\u00f3n que suponen los cambios de horario continuos, realizas el pago v\u00eda Paypal y empezamos en el d\u00eda que hayamos concretado.<\/p>\n\n\n\n<p>Las clases duran una hora u hora y pico, depende un poco del d\u00eda y de lo que estemos haciendo pero nunca duran menos de una hora.<\/p>\n\n\n\n<p>Si te interesa y quieres m\u00e1s informaci\u00f3n, escr\u00edbeme a countblissett@gmail.com con el subject <strong>CLASES ONLINE<\/strong>.<\/p>\n\n\n\n<p>Si prefieres probar primero con alguno de mis cursos, <a href=\"https:\/\/www.teoriamusical.es\/blog\/cursos-de-musica\/\">aqu\u00ed tienes los temarios<\/a>.<\/p>\n","protected":false},"excerpt":{"rendered":"<p>Siempre digo que la gran ventaja de haber sido profesor en una academia privada de m\u00fasica moderna durante m\u00e1s de 12 a\u00f1os es la experiencia docente adquirida para llevar a buen puerto las Clases Particulares de M\u00fasica Online. El formato &hellip; <a href=\"https:\/\/www.teoriamusical.es\/blog\/clases-particulares-musica-online\/\">Sigue leyendo <span class=\"meta-nav\">&rarr;<\/span><\/a><\/p>\n","protected":false},"author":1,"featured_media":0,"parent":0,"menu_order":0,"comment_status":"closed","ping_status":"closed","template":"","meta":{"_monsterinsights_skip_tracking":false,"_monsterinsights_sitenote_active":false,"_monsterinsights_sitenote_note":"","_monsterinsights_sitenote_category":0,"footnotes":""},"class_list":["post-79","page","type-page","status-publish","hentry"],"yoast_head":"<!-- This site is optimized with the Yoast SEO plugin v19.6 - https:\/\/yoast.com\/wordpress\/plugins\/seo\/ -->\n<title>Clases Particulares de M\u00fasica: Online y Personalizadas<\/title>\n<meta name=\"description\" content=\"Clases Particulares de M\u00fasica. Profesor con m\u00e1s de 12 a\u00f1os de experiencia docente en centro privado de m\u00fasica moderna. Armon\u00eda y Composici\u00f3n. Clases Online.\" \/>\n<meta name=\"robots\" content=\"index, follow, max-snippet:-1, max-image-preview:large, max-video-preview:-1\" \/>\n<link rel=\"canonical\" href=\"https:\/\/www.teoriamusical.es\/blog\/clases-particulares-musica-online\/\" \/>\n<meta property=\"og:locale\" content=\"es_ES\" \/>\n<meta property=\"og:type\" content=\"article\" \/>\n<meta property=\"og:title\" content=\"Clases Particulares de M\u00fasica: Online y Personalizadas\" \/>\n<meta property=\"og:description\" content=\"Clases Particulares de M\u00fasica. Profesor con m\u00e1s de 12 a\u00f1os de experiencia docente en centro privado de m\u00fasica moderna. Armon\u00eda y Composici\u00f3n. Clases Online.\" \/>\n<meta property=\"og:url\" content=\"https:\/\/www.teoriamusical.es\/blog\/clases-particulares-musica-online\/\" \/>\n<meta property=\"og:site_name\" content=\"Teor\u00eda Musical\" \/>\n<meta property=\"article:modified_time\" content=\"2023-03-11T17:55:40+00:00\" \/>\n<meta name=\"twitter:card\" content=\"summary_large_image\" \/>\n<meta name=\"twitter:label1\" content=\"Tiempo de lectura\" \/>\n\t<meta name=\"twitter:data1\" content=\"4 minutos\" \/>\n<script type=\"application\/ld+json\" class=\"yoast-schema-graph\">{\"@context\":\"https:\/\/schema.org\",\"@graph\":[{\"@type\":\"WebPage\",\"@id\":\"https:\/\/www.teoriamusical.es\/blog\/clases-particulares-musica-online\/\",\"url\":\"https:\/\/www.teoriamusical.es\/blog\/clases-particulares-musica-online\/\",\"name\":\"Clases Particulares de M\u00fasica: Online y Personalizadas\",\"isPartOf\":{\"@id\":\"https:\/\/www.teoriamusical.es\/blog\/#website\"},\"datePublished\":\"2019-12-05T14:25:57+00:00\",\"dateModified\":\"2023-03-11T17:55:40+00:00\",\"description\":\"Clases Particulares de M\u00fasica. Profesor con m\u00e1s de 12 a\u00f1os de experiencia docente en centro privado de m\u00fasica moderna. Armon\u00eda y Composici\u00f3n. Clases Online.\",\"breadcrumb\":{\"@id\":\"https:\/\/www.teoriamusical.es\/blog\/clases-particulares-musica-online\/#breadcrumb\"},\"inLanguage\":\"es\",\"potentialAction\":[{\"@type\":\"ReadAction\",\"target\":[\"https:\/\/www.teoriamusical.es\/blog\/clases-particulares-musica-online\/\"]}]},{\"@type\":\"BreadcrumbList\",\"@id\":\"https:\/\/www.teoriamusical.es\/blog\/clases-particulares-musica-online\/#breadcrumb\",\"itemListElement\":[{\"@type\":\"ListItem\",\"position\":1,\"name\":\"Home\",\"item\":\"https:\/\/www.teoriamusical.es\/blog\/\"},{\"@type\":\"ListItem\",\"position\":2,\"name\":\"Clases Particulares de M\u00fasica: Online y Personalizadas\"}]},{\"@type\":\"WebSite\",\"@id\":\"https:\/\/www.teoriamusical.es\/blog\/#website\",\"url\":\"https:\/\/www.teoriamusical.es\/blog\/\",\"name\":\"Teor\u00eda Musical\",\"description\":\"Teor\u00eda Musical, Armon\u00eda Moderna y Cursos Online\",\"publisher\":{\"@id\":\"https:\/\/www.teoriamusical.es\/blog\/#\/schema\/person\/abbe30b6f6b449ac9e19ab236fe3d80c\"},\"potentialAction\":[{\"@type\":\"SearchAction\",\"target\":{\"@type\":\"EntryPoint\",\"urlTemplate\":\"https:\/\/www.teoriamusical.es\/blog\/?s={search_term_string}\"},\"query-input\":\"required name=search_term_string\"}],\"inLanguage\":\"es\"},{\"@type\":[\"Person\",\"Organization\"],\"@id\":\"https:\/\/www.teoriamusical.es\/blog\/#\/schema\/person\/abbe30b6f6b449ac9e19ab236fe3d80c\",\"name\":\"teoriamusical.es\",\"image\":{\"@type\":\"ImageObject\",\"inLanguage\":\"es\",\"@id\":\"https:\/\/www.teoriamusical.es\/blog\/#\/schema\/person\/image\/\",\"url\":\"https:\/\/secure.gravatar.com\/avatar\/1d7014e5a95916f717d86ab0aceffce14fd35c12b39d368d60384afae17e1760?s=96&d=mm&r=g\",\"contentUrl\":\"https:\/\/secure.gravatar.com\/avatar\/1d7014e5a95916f717d86ab0aceffce14fd35c12b39d368d60384afae17e1760?s=96&d=mm&r=g\",\"caption\":\"teoriamusical.es\"},\"logo\":{\"@id\":\"https:\/\/www.teoriamusical.es\/blog\/#\/schema\/person\/image\/\"}}]}<\/script>\n<!-- \/ Yoast SEO plugin. -->","yoast_head_json":{"title":"Clases Particulares de M\u00fasica: Online y Personalizadas","description":"Clases Particulares de M\u00fasica. Profesor con m\u00e1s de 12 a\u00f1os de experiencia docente en centro privado de m\u00fasica moderna. Armon\u00eda y Composici\u00f3n. Clases Online.","robots":{"index":"index","follow":"follow","max-snippet":"max-snippet:-1","max-image-preview":"max-image-preview:large","max-video-preview":"max-video-preview:-1"},"canonical":"https:\/\/www.teoriamusical.es\/blog\/clases-particulares-musica-online\/","og_locale":"es_ES","og_type":"article","og_title":"Clases Particulares de M\u00fasica: Online y Personalizadas","og_description":"Clases Particulares de M\u00fasica. Profesor con m\u00e1s de 12 a\u00f1os de experiencia docente en centro privado de m\u00fasica moderna. Armon\u00eda y Composici\u00f3n. Clases Online.","og_url":"https:\/\/www.teoriamusical.es\/blog\/clases-particulares-musica-online\/","og_site_name":"Teor\u00eda Musical","article_modified_time":"2023-03-11T17:55:40+00:00","twitter_card":"summary_large_image","twitter_misc":{"Tiempo de lectura":"4 minutos"},"schema":{"@context":"https:\/\/schema.org","@graph":[{"@type":"WebPage","@id":"https:\/\/www.teoriamusical.es\/blog\/clases-particulares-musica-online\/","url":"https:\/\/www.teoriamusical.es\/blog\/clases-particulares-musica-online\/","name":"Clases Particulares de M\u00fasica: Online y Personalizadas","isPartOf":{"@id":"https:\/\/www.teoriamusical.es\/blog\/#website"},"datePublished":"2019-12-05T14:25:57+00:00","dateModified":"2023-03-11T17:55:40+00:00","description":"Clases Particulares de M\u00fasica. Profesor con m\u00e1s de 12 a\u00f1os de experiencia docente en centro privado de m\u00fasica moderna. Armon\u00eda y Composici\u00f3n. Clases Online.","breadcrumb":{"@id":"https:\/\/www.teoriamusical.es\/blog\/clases-particulares-musica-online\/#breadcrumb"},"inLanguage":"es","potentialAction":[{"@type":"ReadAction","target":["https:\/\/www.teoriamusical.es\/blog\/clases-particulares-musica-online\/"]}]},{"@type":"BreadcrumbList","@id":"https:\/\/www.teoriamusical.es\/blog\/clases-particulares-musica-online\/#breadcrumb","itemListElement":[{"@type":"ListItem","position":1,"name":"Home","item":"https:\/\/www.teoriamusical.es\/blog\/"},{"@type":"ListItem","position":2,"name":"Clases Particulares de M\u00fasica: Online y Personalizadas"}]},{"@type":"WebSite","@id":"https:\/\/www.teoriamusical.es\/blog\/#website","url":"https:\/\/www.teoriamusical.es\/blog\/","name":"Teor\u00eda Musical","description":"Teor\u00eda Musical, Armon\u00eda Moderna y Cursos Online","publisher":{"@id":"https:\/\/www.teoriamusical.es\/blog\/#\/schema\/person\/abbe30b6f6b449ac9e19ab236fe3d80c"},"potentialAction":[{"@type":"SearchAction","target":{"@type":"EntryPoint","urlTemplate":"https:\/\/www.teoriamusical.es\/blog\/?s={search_term_string}"},"query-input":"required name=search_term_string"}],"inLanguage":"es"},{"@type":["Person","Organization"],"@id":"https:\/\/www.teoriamusical.es\/blog\/#\/schema\/person\/abbe30b6f6b449ac9e19ab236fe3d80c","name":"teoriamusical.es","image":{"@type":"ImageObject","inLanguage":"es","@id":"https:\/\/www.teoriamusical.es\/blog\/#\/schema\/person\/image\/","url":"https:\/\/secure.gravatar.com\/avatar\/1d7014e5a95916f717d86ab0aceffce14fd35c12b39d368d60384afae17e1760?s=96&d=mm&r=g","contentUrl":"https:\/\/secure.gravatar.com\/avatar\/1d7014e5a95916f717d86ab0aceffce14fd35c12b39d368d60384afae17e1760?s=96&d=mm&r=g","caption":"teoriamusical.es"},"logo":{"@id":"https:\/\/www.teoriamusical.es\/blog\/#\/schema\/person\/image\/"}}]}},"jetpack-related-posts":[{"id":493,"url":"https:\/\/www.teoriamusical.es\/blog\/composicion\/","url_meta":{"origin":79,"position":0},"title":"Masterclass de Composici\u00f3n","date":"enero 26, 2025","format":false,"excerpt":"Esta Masterclass se grab\u00f3 en vivo durante 5 d\u00edas con alumnos de los cursos de armon\u00eda, voicings, desarrollo mel\u00f3dico, armon\u00eda avanzada y orquestaci\u00f3n. Fueron sesiones por zoom donde se cubrieron sistemas compositivos aplicables a la composici\u00f3n en cualquier estilo moderno, sea m\u00fasica populares urbanas, m\u00fasica de cine o cualquier otro\u2026","rel":"","context":"Entrada similar","img":{"alt_text":"","src":"","width":0,"height":0},"classes":[]},{"id":65,"url":"https:\/\/www.teoriamusical.es\/blog\/cursos-de-musica\/","url_meta":{"origin":79,"position":1},"title":"Cursos de M\u00fasica: Temarios","date":"diciembre 5, 2019","format":false,"excerpt":"Aqu\u00ed tienes los temarios de los 3 Cursos de M\u00fasica Moderna disponibles en este momento. La idea de todos los cursos es que integres todas estas t\u00e9cnicas de composici\u00f3n y musicales en tu lenguaje diario, no que los veas como si fuesen un documental. Si te gusta curr\u00e1rtelo para mejorar,\u2026","rel":"","context":"Entrada similar","img":{"alt_text":"","src":"","width":0,"height":0},"classes":[]},{"id":3,"url":"https:\/\/www.teoriamusical.es\/blog\/privacy-policy\/","url_meta":{"origin":79,"position":2},"title":"Privacy Policy","date":"diciembre 3, 2019","format":false,"excerpt":"Who we are Our website address is: http:\/\/www.teoriamusical.es\/blog. What personal data we collect and why we collect it Comments When visitors leave comments on the site we collect the data shown in the comments form, and also the visitor\u2019s IP address and browser user agent string to help spam detection.\u2026","rel":"","context":"Entrada similar","img":{"alt_text":"","src":"","width":0,"height":0},"classes":[]}],"_links":{"self":[{"href":"https:\/\/www.teoriamusical.es\/blog\/wp-json\/wp\/v2\/pages\/79","targetHints":{"allow":["GET"]}}],"collection":[{"href":"https:\/\/www.teoriamusical.es\/blog\/wp-json\/wp\/v2\/pages"}],"about":[{"href":"https:\/\/www.teoriamusical.es\/blog\/wp-json\/wp\/v2\/types\/page"}],"author":[{"embeddable":true,"href":"https:\/\/www.teoriamusical.es\/blog\/wp-json\/wp\/v2\/users\/1"}],"replies":[{"embeddable":true,"href":"https:\/\/www.teoriamusical.es\/blog\/wp-json\/wp\/v2\/comments?post=79"}],"version-history":[{"count":7,"href":"https:\/\/www.teoriamusical.es\/blog\/wp-json\/wp\/v2\/pages\/79\/revisions"}],"predecessor-version":[{"id":492,"href":"https:\/\/www.teoriamusical.es\/blog\/wp-json\/wp\/v2\/pages\/79\/revisions\/492"}],"wp:attachment":[{"href":"https:\/\/www.teoriamusical.es\/blog\/wp-json\/wp\/v2\/media?parent=79"}],"curies":[{"name":"wp","href":"https:\/\/api.w.org\/{rel}","templated":true}]}}